{"id":9,"date":"2023-02-13T18:35:45","date_gmt":"2023-02-13T18:35:45","guid":{"rendered":"https:\/\/imagenytendencias.com\/wordpress\/?page_id=9"},"modified":"2026-04-10T12:36:15","modified_gmt":"2026-04-10T18:36:15","slug":"vida-y-estilos","status":"publish","type":"page","link":"https:\/\/imagenytendencias.com\/?page_id=9","title":{"rendered":"Vida y Estilos"},"content":{"rendered":"\n<figure class=\"wp-block-image size-large\"><img loading=\"lazy\" decoding=\"async\" width=\"1024\" height=\"384\" src=\"https:\/\/imagenytendencias.com\/wordpress\/wp-content\/uploads\/2023\/02\/Secciones-web-VIDA-Y-ESTILOS-1600px-x-600px-1024x384.jpg\" alt=\"\" class=\"wp-image-127\" srcset=\"https:\/\/imagenytendencias.com\/wp-content\/uploads\/2023\/02\/Secciones-web-VIDA-Y-ESTILOS-1600px-x-600px-1024x384.jpg 1024w, https:\/\/imagenytendencias.com\/wp-content\/uploads\/2023\/02\/Secciones-web-VIDA-Y-ESTILOS-1600px-x-600px-300x113.jpg 300w, https:\/\/imagenytendencias.com\/wp-content\/uploads\/2023\/02\/Secciones-web-VIDA-Y-ESTILOS-1600px-x-600px-768x288.jpg 768w, https:\/\/imagenytendencias.com\/wp-content\/uploads\/2023\/02\/Secciones-web-VIDA-Y-ESTILOS-1600px-x-600px-1536x576.jpg 1536w, https:\/\/imagenytendencias.com\/wp-content\/uploads\/2023\/02\/Secciones-web-VIDA-Y-ESTILOS-1600px-x-600px.jpg 1600w\" sizes=\"auto, (max-width: 1024px) 100vw, 1024px\" \/><\/figure>\n\n\n\n<figure class=\"wp-block-image size-large\"><img loading=\"lazy\" decoding=\"async\" width=\"759\" height=\"1024\" src=\"https:\/\/imagenytendencias.com\/wp-content\/uploads\/2026\/04\/Hombre-Alfa-759x1024.jpg\" alt=\"\" class=\"wp-image-2030\" srcset=\"https:\/\/imagenytendencias.com\/wp-content\/uploads\/2026\/04\/Hombre-Alfa-759x1024.jpg 759w, https:\/\/imagenytendencias.com\/wp-content\/uploads\/2026\/04\/Hombre-Alfa-222x300.jpg 222w, https:\/\/imagenytendencias.com\/wp-content\/uploads\/2026\/04\/Hombre-Alfa-768x1037.jpg 768w, https:\/\/imagenytendencias.com\/wp-content\/uploads\/2026\/04\/Hombre-Alfa.jpg 1000w\" sizes=\"auto, (max-width: 759px) 100vw, 759px\" \/><\/figure>\n\n\n\n<figure class=\"wp-block-embed is-type-video is-provider-youtube wp-block-embed-youtube wp-embed-aspect-16-9 wp-has-aspect-ratio\"><div class=\"wp-block-embed__wrapper\">\n<iframe loading=\"lazy\" title=\"&quot;La Barca de la Fe&quot; Un lugar emblem\u00e1tico en Tlaxcala.\" width=\"640\" height=\"360\" src=\"https:\/\/www.youtube.com\/embed\/zxiUvC7_DkA?feature=oembed\" frameborder=\"0\" allow=\"accelerometer; autoplay; clipboard-write; encrypted-media; gyroscope; picture-in-picture; web-share\" referrerpolicy=\"strict-origin-when-cross-origin\" allowfullscreen><\/iframe>\n<\/div><figcaption class=\"wp-element-caption\"><strong>Lugares tur\u00edsticos en Tlaxcala, no te pierdas nuestras recomendaciones tur\u00edsticas. Se encuentra en el pueblo de Jos\u00e9 Mar\u00eda Buenavista (a 27 km de Tlaxco) y es un inusual templo con dise\u00f1o de barco, glifos prehisp\u00e1nicos y s\u00edmbolos del siglo XVI. Sus creadores se inspiraron en la primera embarcaci\u00f3n occidental que lleg\u00f3 a nuestro continente<\/strong>. <\/figcaption><\/figure>\n\n\n\n<hr class=\"wp-block-separator has-alpha-channel-opacity\"\/>\n\n\n\n<p class=\"has-medium-font-size\"><\/p>\n\n\n\n<figure class=\"wp-block-embed is-type-video is-provider-youtube wp-block-embed-youtube wp-embed-aspect-16-9 wp-has-aspect-ratio\"><div class=\"wp-block-embed__wrapper\">\n<iframe loading=\"lazy\" title=\"CA\u00d1ON DEL SUMIDERO\" width=\"640\" height=\"360\" src=\"https:\/\/www.youtube.com\/embed\/pwgVsAf1CAU?feature=oembed\" frameborder=\"0\" allow=\"accelerometer; autoplay; clipboard-write; encrypted-media; gyroscope; picture-in-picture; web-share\" referrerpolicy=\"strict-origin-when-cross-origin\" allowfullscreen><\/iframe>\n<\/div><figcaption class=\"wp-element-caption\"><strong>Conoce esta maravilla natural que se levanta sobre el cauce del r\u00edo Grijalva. en el bello estado de Chiapas. <\/strong><\/figcaption><\/figure>\n\n\n\n<hr class=\"wp-block-separator has-alpha-channel-opacity\"\/>\n\n\n\n<figure class=\"wp-block-image size-large\"><img loading=\"lazy\" decoding=\"async\" width=\"819\" height=\"1024\" src=\"https:\/\/imagenytendencias.com\/wp-content\/uploads\/2026\/03\/20260313_121647_0000-819x1024.jpg\" alt=\"\" class=\"wp-image-1994\" srcset=\"https:\/\/imagenytendencias.com\/wp-content\/uploads\/2026\/03\/20260313_121647_0000-819x1024.jpg 819w, https:\/\/imagenytendencias.com\/wp-content\/uploads\/2026\/03\/20260313_121647_0000-240x300.jpg 240w, https:\/\/imagenytendencias.com\/wp-content\/uploads\/2026\/03\/20260313_121647_0000-768x960.jpg 768w, https:\/\/imagenytendencias.com\/wp-content\/uploads\/2026\/03\/20260313_121647_0000.jpg 1080w\" sizes=\"auto, (max-width: 819px) 100vw, 819px\" \/><\/figure>\n\n\n\n<h2 class=\"wp-block-heading\"><\/h2>\n","protected":false},"excerpt":{"rendered":"","protected":false},"author":1,"featured_media":0,"parent":0,"menu_order":0,"comment_status":"closed","ping_status":"closed","template":"","meta":{"footnotes":""},"class_list":["post-9","page","type-page","status-publish","hentry"],"yoast_head":"<!-- This site is optimized with the Yoast SEO plugin v27.0 - https:\/\/yoast.com\/product\/yoast-seo-wordpress\/ -->\n<title>Vida y Estilos - IMAGEN Y TENDENCIAS<\/title>\n<meta name=\"robots\" content=\"index, follow, max-snippet:-1, max-image-preview:large, max-video-preview:-1\" \/>\n<link rel=\"canonical\" href=\"https:\/\/imagenytendencias.com\/?page_id=9\" \/>\n<meta property=\"og:locale\" content=\"es_ES\" \/>\n<meta property=\"og:type\" content=\"article\" \/>\n<meta property=\"og:title\" content=\"Vida y Estilos - IMAGEN Y TENDENCIAS\" \/>\n<meta property=\"og:url\" content=\"https:\/\/imagenytendencias.com\/?page_id=9\" \/>\n<meta property=\"og:site_name\" content=\"IMAGEN Y TENDENCIAS\" \/>\n<meta property=\"article:publisher\" content=\"https:\/\/www.facebook.com\/revistaimagenytendencias\" \/>\n<meta property=\"article:modified_time\" content=\"2026-04-10T18:36:15+00:00\" \/>\n<meta property=\"og:image\" content=\"https:\/\/imagenytendencias.com\/wp-content\/uploads\/2023\/02\/Secciones-web-VIDA-Y-ESTILOS-1600px-x-600px.jpg\" \/>\n\t<meta property=\"og:image:width\" content=\"1600\" \/>\n\t<meta property=\"og:image:height\" content=\"600\" \/>\n\t<meta property=\"og:image:type\" content=\"image\/jpeg\" \/>\n<meta name=\"twitter:card\" content=\"summary_large_image\" \/>\n<meta name=\"twitter:label1\" content=\"Tiempo de lectura\" \/>\n\t<meta name=\"twitter:data1\" content=\"1 minuto\" \/>\n<script type=\"application\/ld+json\" class=\"yoast-schema-graph\">{\"@context\":\"https:\/\/schema.org\",\"@graph\":[{\"@type\":\"NewsArticle\",\"@id\":\"https:\/\/imagenytendencias.com\/?page_id=9#article\",\"isPartOf\":{\"@id\":\"https:\/\/imagenytendencias.com\/?page_id=9\"},\"author\":{\"name\":\"Editorial\",\"@id\":\"https:\/\/imagenytendencias.com\/#\/schema\/person\/2d95fe10ca2a5f5bd3b40716e527c87a\"},\"headline\":\"Vida y Estilos\",\"datePublished\":\"2023-02-13T18:35:45+00:00\",\"dateModified\":\"2026-04-10T18:36:15+00:00\",\"mainEntityOfPage\":{\"@id\":\"https:\/\/imagenytendencias.com\/?page_id=9\"},\"wordCount\":93,\"publisher\":{\"@id\":\"https:\/\/imagenytendencias.com\/#organization\"},\"image\":{\"@id\":\"https:\/\/imagenytendencias.com\/?page_id=9#primaryimage\"},\"thumbnailUrl\":\"https:\/\/imagenytendencias.com\/wordpress\/wp-content\/uploads\/2023\/02\/Secciones-web-VIDA-Y-ESTILOS-1600px-x-600px-1024x384.jpg\",\"inLanguage\":\"es\"},{\"@type\":\"WebPage\",\"@id\":\"https:\/\/imagenytendencias.com\/?page_id=9\",\"url\":\"https:\/\/imagenytendencias.com\/?page_id=9\",\"name\":\"Vida y Estilos - IMAGEN Y TENDENCIAS\",\"isPartOf\":{\"@id\":\"https:\/\/imagenytendencias.com\/#website\"},\"primaryImageOfPage\":{\"@id\":\"https:\/\/imagenytendencias.com\/?page_id=9#primaryimage\"},\"image\":{\"@id\":\"https:\/\/imagenytendencias.com\/?page_id=9#primaryimage\"},\"thumbnailUrl\":\"https:\/\/imagenytendencias.com\/wordpress\/wp-content\/uploads\/2023\/02\/Secciones-web-VIDA-Y-ESTILOS-1600px-x-600px-1024x384.jpg\",\"datePublished\":\"2023-02-13T18:35:45+00:00\",\"dateModified\":\"2026-04-10T18:36:15+00:00\",\"breadcrumb\":{\"@id\":\"https:\/\/imagenytendencias.com\/?page_id=9#breadcrumb\"},\"inLanguage\":\"es\",\"potentialAction\":[{\"@type\":\"ReadAction\",\"target\":[\"https:\/\/imagenytendencias.com\/?page_id=9\"]}]},{\"@type\":\"ImageObject\",\"inLanguage\":\"es\",\"@id\":\"https:\/\/imagenytendencias.com\/?page_id=9#primaryimage\",\"url\":\"https:\/\/imagenytendencias.com\/wordpress\/wp-content\/uploads\/2023\/02\/Secciones-web-VIDA-Y-ESTILOS-1600px-x-600px-1024x384.jpg\",\"contentUrl\":\"https:\/\/imagenytendencias.com\/wordpress\/wp-content\/uploads\/2023\/02\/Secciones-web-VIDA-Y-ESTILOS-1600px-x-600px-1024x384.jpg\"},{\"@type\":\"BreadcrumbList\",\"@id\":\"https:\/\/imagenytendencias.com\/?page_id=9#breadcrumb\",\"itemListElement\":[{\"@type\":\"ListItem\",\"position\":1,\"name\":\"Portada\",\"item\":\"https:\/\/imagenytendencias.com\/\"},{\"@type\":\"ListItem\",\"position\":2,\"name\":\"Vida y Estilos\"}]},{\"@type\":\"WebSite\",\"@id\":\"https:\/\/imagenytendencias.com\/#website\",\"url\":\"https:\/\/imagenytendencias.com\/\",\"name\":\"Imagen y Tendencias\",\"description\":\"Sociales, turismo, vida y estilos...\",\"publisher\":{\"@id\":\"https:\/\/imagenytendencias.com\/#organization\"},\"potentialAction\":[{\"@type\":\"SearchAction\",\"target\":{\"@type\":\"EntryPoint\",\"urlTemplate\":\"https:\/\/imagenytendencias.com\/?s={search_term_string}\"},\"query-input\":{\"@type\":\"PropertyValueSpecification\",\"valueRequired\":true,\"valueName\":\"search_term_string\"}}],\"inLanguage\":\"es\"},{\"@type\":\"Organization\",\"@id\":\"https:\/\/imagenytendencias.com\/#organization\",\"name\":\"Imagen y Tendencias\",\"url\":\"https:\/\/imagenytendencias.com\/\",\"logo\":{\"@type\":\"ImageObject\",\"inLanguage\":\"es\",\"@id\":\"https:\/\/imagenytendencias.com\/#\/schema\/logo\/image\/\",\"url\":\"https:\/\/imagenytendencias.com\/wp-content\/uploads\/2026\/02\/cropped-LOGOS-ORIGINALES-VECTORIZADOS-REVISTA-IMAGEN-Y-TENDENCIAS-02-scaled-1.png\",\"contentUrl\":\"https:\/\/imagenytendencias.com\/wp-content\/uploads\/2026\/02\/cropped-LOGOS-ORIGINALES-VECTORIZADOS-REVISTA-IMAGEN-Y-TENDENCIAS-02-scaled-1.png\",\"width\":2560,\"height\":760,\"caption\":\"Imagen y Tendencias\"},\"image\":{\"@id\":\"https:\/\/imagenytendencias.com\/#\/schema\/logo\/image\/\"},\"sameAs\":[\"https:\/\/www.facebook.com\/revistaimagenytendencias\"]},{\"@type\":\"Person\",\"@id\":\"https:\/\/imagenytendencias.com\/#\/schema\/person\/2d95fe10ca2a5f5bd3b40716e527c87a\",\"name\":\"Editorial\",\"image\":{\"@type\":\"ImageObject\",\"inLanguage\":\"es\",\"@id\":\"https:\/\/imagenytendencias.com\/#\/schema\/person\/image\/\",\"url\":\"https:\/\/secure.gravatar.com\/avatar\/dad68aae827f3c140a94b8f54d048d747020c9bd1e74c84ca256cf44e7709f61?s=96&d=mm&r=g\",\"contentUrl\":\"https:\/\/secure.gravatar.com\/avatar\/dad68aae827f3c140a94b8f54d048d747020c9bd1e74c84ca256cf44e7709f61?s=96&d=mm&r=g\",\"caption\":\"Editorial\"},\"sameAs\":[\"https:\/\/imagenytendencias.com\/wordpress\"],\"url\":\"https:\/\/imagenytendencias.com\/?author=1\"}]}<\/script>\n<!-- \/ Yoast SEO plugin. -->","yoast_head_json":{"title":"Vida y Estilos - IMAGEN Y TENDENCIAS","robots":{"index":"index","follow":"follow","max-snippet":"max-snippet:-1","max-image-preview":"max-image-preview:large","max-video-preview":"max-video-preview:-1"},"canonical":"https:\/\/imagenytendencias.com\/?page_id=9","og_locale":"es_ES","og_type":"article","og_title":"Vida y Estilos - IMAGEN Y TENDENCIAS","og_url":"https:\/\/imagenytendencias.com\/?page_id=9","og_site_name":"IMAGEN Y TENDENCIAS","article_publisher":"https:\/\/www.facebook.com\/revistaimagenytendencias","article_modified_time":"2026-04-10T18:36:15+00:00","og_image":[{"width":1600,"height":600,"url":"https:\/\/imagenytendencias.com\/wp-content\/uploads\/2023\/02\/Secciones-web-VIDA-Y-ESTILOS-1600px-x-600px.jpg","type":"image\/jpeg"}],"twitter_card":"summary_large_image","twitter_misc":{"Tiempo de lectura":"1 minuto"},"schema":{"@context":"https:\/\/schema.org","@graph":[{"@type":"NewsArticle","@id":"https:\/\/imagenytendencias.com\/?page_id=9#article","isPartOf":{"@id":"https:\/\/imagenytendencias.com\/?page_id=9"},"author":{"name":"Editorial","@id":"https:\/\/imagenytendencias.com\/#\/schema\/person\/2d95fe10ca2a5f5bd3b40716e527c87a"},"headline":"Vida y Estilos","datePublished":"2023-02-13T18:35:45+00:00","dateModified":"2026-04-10T18:36:15+00:00","mainEntityOfPage":{"@id":"https:\/\/imagenytendencias.com\/?page_id=9"},"wordCount":93,"publisher":{"@id":"https:\/\/imagenytendencias.com\/#organization"},"image":{"@id":"https:\/\/imagenytendencias.com\/?page_id=9#primaryimage"},"thumbnailUrl":"https:\/\/imagenytendencias.com\/wordpress\/wp-content\/uploads\/2023\/02\/Secciones-web-VIDA-Y-ESTILOS-1600px-x-600px-1024x384.jpg","inLanguage":"es"},{"@type":"WebPage","@id":"https:\/\/imagenytendencias.com\/?page_id=9","url":"https:\/\/imagenytendencias.com\/?page_id=9","name":"Vida y Estilos - IMAGEN Y TENDENCIAS","isPartOf":{"@id":"https:\/\/imagenytendencias.com\/#website"},"primaryImageOfPage":{"@id":"https:\/\/imagenytendencias.com\/?page_id=9#primaryimage"},"image":{"@id":"https:\/\/imagenytendencias.com\/?page_id=9#primaryimage"},"thumbnailUrl":"https:\/\/imagenytendencias.com\/wordpress\/wp-content\/uploads\/2023\/02\/Secciones-web-VIDA-Y-ESTILOS-1600px-x-600px-1024x384.jpg","datePublished":"2023-02-13T18:35:45+00:00","dateModified":"2026-04-10T18:36:15+00:00","breadcrumb":{"@id":"https:\/\/imagenytendencias.com\/?page_id=9#breadcrumb"},"inLanguage":"es","potentialAction":[{"@type":"ReadAction","target":["https:\/\/imagenytendencias.com\/?page_id=9"]}]},{"@type":"ImageObject","inLanguage":"es","@id":"https:\/\/imagenytendencias.com\/?page_id=9#primaryimage","url":"https:\/\/imagenytendencias.com\/wordpress\/wp-content\/uploads\/2023\/02\/Secciones-web-VIDA-Y-ESTILOS-1600px-x-600px-1024x384.jpg","contentUrl":"https:\/\/imagenytendencias.com\/wordpress\/wp-content\/uploads\/2023\/02\/Secciones-web-VIDA-Y-ESTILOS-1600px-x-600px-1024x384.jpg"},{"@type":"BreadcrumbList","@id":"https:\/\/imagenytendencias.com\/?page_id=9#breadcrumb","itemListElement":[{"@type":"ListItem","position":1,"name":"Portada","item":"https:\/\/imagenytendencias.com\/"},{"@type":"ListItem","position":2,"name":"Vida y Estilos"}]},{"@type":"WebSite","@id":"https:\/\/imagenytendencias.com\/#website","url":"https:\/\/imagenytendencias.com\/","name":"Imagen y Tendencias","description":"Sociales, turismo, vida y estilos...","publisher":{"@id":"https:\/\/imagenytendencias.com\/#organization"},"potentialAction":[{"@type":"SearchAction","target":{"@type":"EntryPoint","urlTemplate":"https:\/\/imagenytendencias.com\/?s={search_term_string}"},"query-input":{"@type":"PropertyValueSpecification","valueRequired":true,"valueName":"search_term_string"}}],"inLanguage":"es"},{"@type":"Organization","@id":"https:\/\/imagenytendencias.com\/#organization","name":"Imagen y Tendencias","url":"https:\/\/imagenytendencias.com\/","logo":{"@type":"ImageObject","inLanguage":"es","@id":"https:\/\/imagenytendencias.com\/#\/schema\/logo\/image\/","url":"https:\/\/imagenytendencias.com\/wp-content\/uploads\/2026\/02\/cropped-LOGOS-ORIGINALES-VECTORIZADOS-REVISTA-IMAGEN-Y-TENDENCIAS-02-scaled-1.png","contentUrl":"https:\/\/imagenytendencias.com\/wp-content\/uploads\/2026\/02\/cropped-LOGOS-ORIGINALES-VECTORIZADOS-REVISTA-IMAGEN-Y-TENDENCIAS-02-scaled-1.png","width":2560,"height":760,"caption":"Imagen y Tendencias"},"image":{"@id":"https:\/\/imagenytendencias.com\/#\/schema\/logo\/image\/"},"sameAs":["https:\/\/www.facebook.com\/revistaimagenytendencias"]},{"@type":"Person","@id":"https:\/\/imagenytendencias.com\/#\/schema\/person\/2d95fe10ca2a5f5bd3b40716e527c87a","name":"Editorial","image":{"@type":"ImageObject","inLanguage":"es","@id":"https:\/\/imagenytendencias.com\/#\/schema\/person\/image\/","url":"https:\/\/secure.gravatar.com\/avatar\/dad68aae827f3c140a94b8f54d048d747020c9bd1e74c84ca256cf44e7709f61?s=96&d=mm&r=g","contentUrl":"https:\/\/secure.gravatar.com\/avatar\/dad68aae827f3c140a94b8f54d048d747020c9bd1e74c84ca256cf44e7709f61?s=96&d=mm&r=g","caption":"Editorial"},"sameAs":["https:\/\/imagenytendencias.com\/wordpress"],"url":"https:\/\/imagenytendencias.com\/?author=1"}]}},"_links":{"self":[{"href":"https:\/\/imagenytendencias.com\/index.php?rest_route=\/wp\/v2\/pages\/9","targetHints":{"allow":["GET"]}}],"collection":[{"href":"https:\/\/imagenytendencias.com\/index.php?rest_route=\/wp\/v2\/pages"}],"about":[{"href":"https:\/\/imagenytendencias.com\/index.php?rest_route=\/wp\/v2\/types\/page"}],"author":[{"embeddable":true,"href":"https:\/\/imagenytendencias.com\/index.php?rest_route=\/wp\/v2\/users\/1"}],"replies":[{"embeddable":true,"href":"https:\/\/imagenytendencias.com\/index.php?rest_route=%2Fwp%2Fv2%2Fcomments&post=9"}],"version-history":[{"count":68,"href":"https:\/\/imagenytendencias.com\/index.php?rest_route=\/wp\/v2\/pages\/9\/revisions"}],"predecessor-version":[{"id":2033,"href":"https:\/\/imagenytendencias.com\/index.php?rest_route=\/wp\/v2\/pages\/9\/revisions\/2033"}],"wp:attachment":[{"href":"https:\/\/imagenytendencias.com\/index.php?rest_route=%2Fwp%2Fv2%2Fmedia&parent=9"}],"curies":[{"name":"wp","href":"https:\/\/api.w.org\/{rel}","templated":true}]}}